{"id":560,"date":"2023-04-14T09:20:50","date_gmt":"2023-04-14T09:20:50","guid":{"rendered":"http:\/\/www.patriciacalvodeluis.com\/index.php\/campana-de-navidad-2\/"},"modified":"2024-01-30T22:01:10","modified_gmt":"2024-01-30T22:01:10","slug":"dia-del-padre","status":"publish","type":"page","link":"https:\/\/www.patriciacalvodeluis.com\/index.php\/dia-del-padre\/","title":{"rendered":"D\u00eda del padre"},"content":{"rendered":"\n<div class=\"wp-block-cover alignfull\" style=\"min-height:193px;aspect-ratio:unset;\"><span aria-hidden=\"true\" class=\"wp-block-cover__background has-nv-site-bg-background-color has-background-dim-100 has-background-dim\"><\/span><div class=\"wp-block-cover__inner-container is-layout-flow wp-block-cover-is-layout-flow\">\n<div class=\"wp-block-group\"><div class=\"wp-block-group__inner-container is-layout-flow wp-block-group-is-layout-flow\">\n<div class=\"wp-block-columns are-vertically-aligned-center is-layout-flex wp-container-core-columns-is-layout-8f761849 wp-block-columns-is-layout-flex\">\n<div class=\"wp-block-column is-vertically-aligned-center is-layout-flow wp-block-column-is-layout-flow\" style=\"flex-basis:70%\">\n<p class=\"has-neve-text-color-color has-text-color has-medium-font-size wp-block-paragraph\">CLIENTE: Ayuntamiento de Logro\u00f1o y C\u00e1mara de Comercio e Industria de La Rioja.<\/p>\n\n\n\n<p class=\"has-neve-text-color-color has-text-color has-medium-font-size wp-block-paragraph\">Dise\u00f1o de la campa\u00f1a del d\u00eda del padre para la que se realizaron carteles, marquesinas, anuncios de prensa, banners, cu\u00f1asy una gu\u00eda con propuestas de regalos de los comercios de Logro\u00f1o. Adem\u00e1s se realiz\u00f3 un concurso de fotograf\u00eda con bigotes que pod\u00edan recortar del folleto y un concurso de escaparates.<\/p>\n\n\n\n<p class=\"wp-block-paragraph\"><\/p>\n<\/div>\n\n\n\n<div class=\"wp-block-column is-vertically-aligned-center is-layout-flow wp-block-column-is-layout-flow\" style=\"flex-basis:30%\"><\/div>\n<\/div>\n<\/div><\/div>\n<\/div><\/div>\n\n\n\n<div class=\"wp-block-cover alignfull\" style=\"min-height:600px;aspect-ratio:unset;\"><span aria-hidden=\"true\" class=\"wp-block-cover__background has-nv-site-bg-background-color has-background-dim-100 has-background-dim\"><\/span><div class=\"wp-block-cover__inner-container is-layout-flow wp-block-cover-is-layout-flow\">\n<div class=\"wp-block-group\"><div class=\"wp-block-group__inner-container is-layout-flow wp-block-group-is-layout-flow\">\n<div style=\"height:0px\" aria-hidden=\"true\" class=\"wp-block-spacer\"><\/div>\n\n\n\n<div class=\"wp-block-columns is-layout-flex wp-container-core-columns-is-layout-8f761849 wp-block-columns-is-layout-flex\">\n<div class=\"wp-block-column is-layout-flow wp-block-column-is-layout-flow\" style=\"flex-basis:100%\">\n<figure class=\"wp-block-gallery has-nested-images columns-default is-cropped wp-block-gallery-1 is-layout-flex wp-block-gallery-is-layout-flex\">\n<figure class=\"wp-block-image size-large\"><img decoding=\"async\" width=\"1024\" height=\"690\" data-id=\"562\" src=\"http:\/\/www.patriciacalvodeluis.com\/wp-content\/uploads\/2024\/01\/dia-padre-cartel-1024x690.jpg\" alt=\"\" class=\"wp-image-562\" srcset=\"https:\/\/www.patriciacalvodeluis.com\/wp-content\/uploads\/2024\/01\/dia-padre-cartel-1024x690.jpg 1024w, https:\/\/www.patriciacalvodeluis.com\/wp-content\/uploads\/2024\/01\/dia-padre-cartel-300x202.jpg 300w, https:\/\/www.patriciacalvodeluis.com\/wp-content\/uploads\/2024\/01\/dia-padre-cartel-768x517.jpg 768w, https:\/\/www.patriciacalvodeluis.com\/wp-content\/uploads\/2024\/01\/dia-padre-cartel.jpg 1450w\" sizes=\"(max-width: 1024px) 100vw, 1024px\" \/><\/figure>\n<\/figure>\n\n\n\n<div style=\"height:0px\" aria-hidden=\"true\" class=\"wp-block-spacer\"><\/div>\n<\/div>\n<\/div>\n\n\n\n<div class=\"wp-block-cover alignfull\" style=\"min-height:1755px;aspect-ratio:unset;\"><span aria-hidden=\"true\" class=\"wp-block-cover__background has-nv-site-bg-background-color has-background-dim-100 has-background-dim\"><\/span><div class=\"wp-block-cover__inner-container is-layout-flow wp-block-cover-is-layout-flow\">\n<div class=\"wp-block-group\"><div class=\"wp-block-group__inner-container is-layout-flow wp-block-group-is-layout-flow\">\n<div style=\"height:0px\" aria-hidden=\"true\" class=\"wp-block-spacer\"><\/div>\n\n\n\n<div class=\"wp-block-columns is-layout-flex wp-container-core-columns-is-layout-8f761849 wp-block-columns-is-layout-flex\">\n<div class=\"wp-block-column is-layout-flow wp-block-column-is-layout-flow\" style=\"flex-basis:100%\">\n<figure class=\"wp-block-gallery has-nested-images columns-default is-cropped wp-block-gallery-2 is-layout-flex wp-block-gallery-is-layout-flex\">\n<figure class=\"wp-block-image size-large\"><img decoding=\"async\" width=\"1024\" height=\"689\" data-id=\"664\" src=\"http:\/\/www.patriciacalvodeluis.com\/wp-content\/uploads\/2024\/01\/dia-padre-3-1024x689.jpg\" alt=\"\" class=\"wp-image-664\" srcset=\"https:\/\/www.patriciacalvodeluis.com\/wp-content\/uploads\/2024\/01\/dia-padre-3-1024x689.jpg 1024w, https:\/\/www.patriciacalvodeluis.com\/wp-content\/uploads\/2024\/01\/dia-padre-3-300x202.jpg 300w, https:\/\/www.patriciacalvodeluis.com\/wp-content\/uploads\/2024\/01\/dia-padre-3-768x517.jpg 768w, https:\/\/www.patriciacalvodeluis.com\/wp-content\/uploads\/2024\/01\/dia-padre-3-1536x1034.jpg 1536w, https:\/\/www.patriciacalvodeluis.com\/wp-content\/uploads\/2024\/01\/dia-padre-3.jpg 1800w\" sizes=\"(max-width: 1024px) 100vw, 1024px\" \/><\/figure>\n<\/figure>\n\n\n\n<div style=\"height:5px\" aria-hidden=\"true\" class=\"wp-block-spacer\"><\/div>\n<\/div>\n<\/div>\n\n\n\n<figure class=\"wp-block-image size-large is-resized\"><img decoding=\"async\" width=\"1024\" height=\"689\" src=\"http:\/\/www.patriciacalvodeluis.com\/wp-content\/uploads\/2024\/01\/dia-padre-2-1024x689.jpg\" alt=\"\" class=\"wp-image-662\" style=\"width:1134px;height:auto\" srcset=\"https:\/\/www.patriciacalvodeluis.com\/wp-content\/uploads\/2024\/01\/dia-padre-2-1024x689.jpg 1024w, https:\/\/www.patriciacalvodeluis.com\/wp-content\/uploads\/2024\/01\/dia-padre-2-300x202.jpg 300w, https:\/\/www.patriciacalvodeluis.com\/wp-content\/uploads\/2024\/01\/dia-padre-2-768x517.jpg 768w, https:\/\/www.patriciacalvodeluis.com\/wp-content\/uploads\/2024\/01\/dia-padre-2-1536x1034.jpg 1536w, https:\/\/www.patriciacalvodeluis.com\/wp-content\/uploads\/2024\/01\/dia-padre-2.jpg 1800w\" sizes=\"(max-width: 1024px) 100vw, 1024px\" \/><\/figure>\n\n\n\n<div style=\"height:25px\" aria-hidden=\"true\" class=\"wp-block-spacer\"><\/div>\n\n\n\n<div style=\"height:40px\" aria-hidden=\"true\" class=\"wp-block-spacer\"><\/div>\n<\/div><\/div>\n<\/div><\/div>\n<\/div><\/div>\n<\/div><\/div>\n","protected":false},"excerpt":{"rendered":"","protected":false},"author":1,"featured_media":319,"parent":0,"menu_order":0,"comment_status":"closed","ping_status":"closed","template":"","meta":{"om_disable_all_campaigns":false,"_monsterinsights_skip_tracking":false,"_uf_show_specific_survey":0,"_uf_disable_surveys":false,"neve_meta_sidebar":"","neve_meta_container":"","neve_meta_enable_content_width":"on","neve_meta_content_width":100,"neve_meta_title_alignment":"","neve_meta_author_avatar":"","neve_post_elements_order":"","neve_meta_disable_header":"","neve_meta_disable_footer":"","neve_meta_disable_title":"on","footnotes":""},"class_list":["post-560","page","type-page","status-publish","has-post-thumbnail","hentry"],"aioseo_notices":[],"yoast_head":"<!-- This site is optimized with the Yoast SEO plugin v24.5 - https:\/\/yoast.com\/wordpress\/plugins\/seo\/ -->\n<title>D\u00eda del padre - Patricia Calvo de Luis<\/title>\n<meta name=\"robots\" content=\"index, follow, max-snippet:-1, max-image-preview:large, max-video-preview:-1\" \/>\n<link rel=\"canonical\" href=\"https:\/\/www.patriciacalvodeluis.com\/index.php\/dia-del-padre\/\" \/>\n<meta property=\"og:locale\" content=\"es_ES\" \/>\n<meta property=\"og:type\" content=\"article\" \/>\n<meta property=\"og:title\" content=\"D\u00eda del padre - Patricia Calvo de Luis\" \/>\n<meta property=\"og:url\" content=\"https:\/\/www.patriciacalvodeluis.com\/index.php\/dia-del-padre\/\" \/>\n<meta property=\"og:site_name\" content=\"Patricia Calvo de Luis\" \/>\n<meta property=\"article:modified_time\" content=\"2024-01-30T22:01:10+00:00\" \/>\n<meta property=\"og:image\" content=\"https:\/\/www.patriciacalvodeluis.com\/wp-content\/uploads\/2023\/07\/diadelpadre.jpg\" \/>\n\t<meta property=\"og:image:width\" content=\"600\" \/>\n\t<meta property=\"og:image:height\" content=\"600\" \/>\n\t<meta property=\"og:image:type\" content=\"image\/jpeg\" \/>\n<meta name=\"twitter:card\" content=\"summary_large_image\" \/>\n<meta name=\"twitter:label1\" content=\"Tiempo de lectura\" \/>\n\t<meta name=\"twitter:data1\" content=\"1 minuto\" \/>\n<script type=\"application\/ld+json\" class=\"yoast-schema-graph\">{\"@context\":\"https:\/\/schema.org\",\"@graph\":[{\"@type\":\"WebPage\",\"@id\":\"https:\/\/www.patriciacalvodeluis.com\/index.php\/dia-del-padre\/\",\"url\":\"https:\/\/www.patriciacalvodeluis.com\/index.php\/dia-del-padre\/\",\"name\":\"D\u00eda del padre - Patricia Calvo de Luis\",\"isPartOf\":{\"@id\":\"https:\/\/www.patriciacalvodeluis.com\/#website\"},\"primaryImageOfPage\":{\"@id\":\"https:\/\/www.patriciacalvodeluis.com\/index.php\/dia-del-padre\/#primaryimage\"},\"image\":{\"@id\":\"https:\/\/www.patriciacalvodeluis.com\/index.php\/dia-del-padre\/#primaryimage\"},\"thumbnailUrl\":\"https:\/\/www.patriciacalvodeluis.com\/wp-content\/uploads\/2023\/07\/diadelpadre.jpg\",\"datePublished\":\"2023-04-14T09:20:50+00:00\",\"dateModified\":\"2024-01-30T22:01:10+00:00\",\"breadcrumb\":{\"@id\":\"https:\/\/www.patriciacalvodeluis.com\/index.php\/dia-del-padre\/#breadcrumb\"},\"inLanguage\":\"es\",\"potentialAction\":[{\"@type\":\"ReadAction\",\"target\":[\"https:\/\/www.patriciacalvodeluis.com\/index.php\/dia-del-padre\/\"]}]},{\"@type\":\"ImageObject\",\"inLanguage\":\"es\",\"@id\":\"https:\/\/www.patriciacalvodeluis.com\/index.php\/dia-del-padre\/#primaryimage\",\"url\":\"https:\/\/www.patriciacalvodeluis.com\/wp-content\/uploads\/2023\/07\/diadelpadre.jpg\",\"contentUrl\":\"https:\/\/www.patriciacalvodeluis.com\/wp-content\/uploads\/2023\/07\/diadelpadre.jpg\",\"width\":600,\"height\":600},{\"@type\":\"BreadcrumbList\",\"@id\":\"https:\/\/www.patriciacalvodeluis.com\/index.php\/dia-del-padre\/#breadcrumb\",\"itemListElement\":[{\"@type\":\"ListItem\",\"position\":1,\"name\":\"Portada\",\"item\":\"https:\/\/www.patriciacalvodeluis.com\/\"},{\"@type\":\"ListItem\",\"position\":2,\"name\":\"D\u00eda del padre\"}]},{\"@type\":\"WebSite\",\"@id\":\"https:\/\/www.patriciacalvodeluis.com\/#website\",\"url\":\"https:\/\/www.patriciacalvodeluis.com\/\",\"name\":\"Patricia Calvo de Luis\",\"description\":\"\",\"publisher\":{\"@id\":\"https:\/\/www.patriciacalvodeluis.com\/#organization\"},\"potentialAction\":[{\"@type\":\"SearchAction\",\"target\":{\"@type\":\"EntryPoint\",\"urlTemplate\":\"https:\/\/www.patriciacalvodeluis.com\/?s={search_term_string}\"},\"query-input\":{\"@type\":\"PropertyValueSpecification\",\"valueRequired\":true,\"valueName\":\"search_term_string\"}}],\"inLanguage\":\"es\"},{\"@type\":\"Organization\",\"@id\":\"https:\/\/www.patriciacalvodeluis.com\/#organization\",\"name\":\"Patricia Calvo de Luis\",\"url\":\"https:\/\/www.patriciacalvodeluis.com\/\",\"logo\":{\"@type\":\"ImageObject\",\"inLanguage\":\"es\",\"@id\":\"https:\/\/www.patriciacalvodeluis.com\/#\/schema\/logo\/image\/\",\"url\":\"\",\"contentUrl\":\"\",\"caption\":\"Patricia Calvo de Luis\"},\"image\":{\"@id\":\"https:\/\/www.patriciacalvodeluis.com\/#\/schema\/logo\/image\/\"}}]}<\/script>\n<!-- \/ Yoast SEO plugin. -->","yoast_head_json":{"title":"D\u00eda del padre - Patricia Calvo de Luis","robots":{"index":"index","follow":"follow","max-snippet":"max-snippet:-1","max-image-preview":"max-image-preview:large","max-video-preview":"max-video-preview:-1"},"canonical":"https:\/\/www.patriciacalvodeluis.com\/index.php\/dia-del-padre\/","og_locale":"es_ES","og_type":"article","og_title":"D\u00eda del padre - Patricia Calvo de Luis","og_url":"https:\/\/www.patriciacalvodeluis.com\/index.php\/dia-del-padre\/","og_site_name":"Patricia Calvo de Luis","article_modified_time":"2024-01-30T22:01:10+00:00","og_image":[{"width":600,"height":600,"url":"https:\/\/www.patriciacalvodeluis.com\/wp-content\/uploads\/2023\/07\/diadelpadre.jpg","type":"image\/jpeg"}],"twitter_card":"summary_large_image","twitter_misc":{"Tiempo de lectura":"1 minuto"},"schema":{"@context":"https:\/\/schema.org","@graph":[{"@type":"WebPage","@id":"https:\/\/www.patriciacalvodeluis.com\/index.php\/dia-del-padre\/","url":"https:\/\/www.patriciacalvodeluis.com\/index.php\/dia-del-padre\/","name":"D\u00eda del padre - Patricia Calvo de Luis","isPartOf":{"@id":"https:\/\/www.patriciacalvodeluis.com\/#website"},"primaryImageOfPage":{"@id":"https:\/\/www.patriciacalvodeluis.com\/index.php\/dia-del-padre\/#primaryimage"},"image":{"@id":"https:\/\/www.patriciacalvodeluis.com\/index.php\/dia-del-padre\/#primaryimage"},"thumbnailUrl":"https:\/\/www.patriciacalvodeluis.com\/wp-content\/uploads\/2023\/07\/diadelpadre.jpg","datePublished":"2023-04-14T09:20:50+00:00","dateModified":"2024-01-30T22:01:10+00:00","breadcrumb":{"@id":"https:\/\/www.patriciacalvodeluis.com\/index.php\/dia-del-padre\/#breadcrumb"},"inLanguage":"es","potentialAction":[{"@type":"ReadAction","target":["https:\/\/www.patriciacalvodeluis.com\/index.php\/dia-del-padre\/"]}]},{"@type":"ImageObject","inLanguage":"es","@id":"https:\/\/www.patriciacalvodeluis.com\/index.php\/dia-del-padre\/#primaryimage","url":"https:\/\/www.patriciacalvodeluis.com\/wp-content\/uploads\/2023\/07\/diadelpadre.jpg","contentUrl":"https:\/\/www.patriciacalvodeluis.com\/wp-content\/uploads\/2023\/07\/diadelpadre.jpg","width":600,"height":600},{"@type":"BreadcrumbList","@id":"https:\/\/www.patriciacalvodeluis.com\/index.php\/dia-del-padre\/#breadcrumb","itemListElement":[{"@type":"ListItem","position":1,"name":"Portada","item":"https:\/\/www.patriciacalvodeluis.com\/"},{"@type":"ListItem","position":2,"name":"D\u00eda del padre"}]},{"@type":"WebSite","@id":"https:\/\/www.patriciacalvodeluis.com\/#website","url":"https:\/\/www.patriciacalvodeluis.com\/","name":"Patricia Calvo de Luis","description":"","publisher":{"@id":"https:\/\/www.patriciacalvodeluis.com\/#organization"},"potentialAction":[{"@type":"SearchAction","target":{"@type":"EntryPoint","urlTemplate":"https:\/\/www.patriciacalvodeluis.com\/?s={search_term_string}"},"query-input":{"@type":"PropertyValueSpecification","valueRequired":true,"valueName":"search_term_string"}}],"inLanguage":"es"},{"@type":"Organization","@id":"https:\/\/www.patriciacalvodeluis.com\/#organization","name":"Patricia Calvo de Luis","url":"https:\/\/www.patriciacalvodeluis.com\/","logo":{"@type":"ImageObject","inLanguage":"es","@id":"https:\/\/www.patriciacalvodeluis.com\/#\/schema\/logo\/image\/","url":"","contentUrl":"","caption":"Patricia Calvo de Luis"},"image":{"@id":"https:\/\/www.patriciacalvodeluis.com\/#\/schema\/logo\/image\/"}}]}},"_links":{"self":[{"href":"https:\/\/www.patriciacalvodeluis.com\/index.php\/wp-json\/wp\/v2\/pages\/560","targetHints":{"allow":["GET"]}}],"collection":[{"href":"https:\/\/www.patriciacalvodeluis.com\/index.php\/wp-json\/wp\/v2\/pages"}],"about":[{"href":"https:\/\/www.patriciacalvodeluis.com\/index.php\/wp-json\/wp\/v2\/types\/page"}],"author":[{"embeddable":true,"href":"https:\/\/www.patriciacalvodeluis.com\/index.php\/wp-json\/wp\/v2\/users\/1"}],"replies":[{"embeddable":true,"href":"https:\/\/www.patriciacalvodeluis.com\/index.php\/wp-json\/wp\/v2\/comments?post=560"}],"version-history":[{"count":6,"href":"https:\/\/www.patriciacalvodeluis.com\/index.php\/wp-json\/wp\/v2\/pages\/560\/revisions"}],"predecessor-version":[{"id":719,"href":"https:\/\/www.patriciacalvodeluis.com\/index.php\/wp-json\/wp\/v2\/pages\/560\/revisions\/719"}],"wp:featuredmedia":[{"embeddable":true,"href":"https:\/\/www.patriciacalvodeluis.com\/index.php\/wp-json\/wp\/v2\/media\/319"}],"wp:attachment":[{"href":"https:\/\/www.patriciacalvodeluis.com\/index.php\/wp-json\/wp\/v2\/media?parent=560"}],"curies":[{"name":"wp","href":"https:\/\/api.w.org\/{rel}","templated":true}]}}